{"id":4144,"date":"2026-03-11T14:20:39","date_gmt":"2026-03-11T18:20:39","guid":{"rendered":"https:\/\/www.mh.ca\/?post_type=journals&#038;p=4144"},"modified":"2026-03-12T17:17:55","modified_gmt":"2026-03-12T21:17:55","slug":"mh-nomme-francois-mouchet-directeur-principal-transformation-numerique","status":"publish","type":"journals","link":"https:\/\/www.mh.ca\/fr\/resources\/mh-nomme-francois-mouchet-directeur-principal-transformation-numerique\/","title":{"rendered":"m&amp;h nomme Fran\u00e7ois Mouchet Directeur principal de la transformation num\u00e9rique"},"content":{"rendered":"        <section id=\"block--wysiwyg-1\" class=\"block block--wysiwyg\">\n            <div class=\"content-inner\">\n                <div class='c--wysiwyg '><p class='scroll--toggle-class js--split-text js--split-text-4'>m&amp;h est fi\u00e8re d\u2019annoncer la promotion de <strong><a href=\"https:\/\/www.mh.ca\/fr\/profiles\/francois-mouchet\/\" target=\"_blank\" rel=\"noopener\">Fran\u00e7ois Mouchet<\/a><\/strong> au poste de Directeur principal de la transformation num\u00e9rique. Au cours des derni\u00e8res ann\u00e9es, Fran\u00e7ois a jou\u00e9 un r\u00f4le cl\u00e9 dans l\u2019\u00e9volution de m&amp;h ainsi que l\u2019accompagnement de nos \u00e9quipes et clients dans des projets de transformation d\u2019envergure. Son leadership, sa rigueur et sa capacit\u00e9 \u00e0 rendre le complexe simple ont eu un impact direct et durable sur notre fa\u00e7on de travailler.<\/p>\n<p class='scroll--toggle-class js--split-text js--split-text-4'>Cette nomination est \u00e9galement une excellente nouvelle pour nos clients : sous la direction de Fran\u00e7ois, l\u2019\u00e9quipe de transformation num\u00e9rique se renforce afin d\u2019appuyer encore plus concr\u00e8tement l\u2019acc\u00e9l\u00e9ration num\u00e9rique de nos clients. Cet \u00e9lan nous permettra d\u2019approfondir notre accompagnement en <em>Content Supply Chain<\/em>, de r\u00e9duire les frictions dans les flux de production et d\u2019acc\u00e9l\u00e9rer la mise en march\u00e9. En augmentant notre vitesse d\u2019ex\u00e9cution et notre capacit\u00e9 d\u2019innovation, nous aidons nos clients \u00e0 maintenir un avantage comp\u00e9titif durable \u2014 et \u00e0 rester en avance dans leur industrie.<\/p>\n<p class='scroll--toggle-class js--split-text js--split-text-4'>&nbsp;<\/p>\n<h3 class='scroll--toggle-class js--split-text js--split-text-3'>Une promotion qui s\u2019inscrit au c\u0153ur de l\u2019\u00e9volution de m&amp;h<\/h3>\n<p class='scroll--toggle-class js--split-text js--split-text-4'>Notre ambition est claire : jouer un r\u00f4le de leader dans l\u2019\u00e9volution de notre industrie et d\u00e9finir les nouveaux standards de performance et d\u2019agilit\u00e9.<\/p>\n<\/div>            <\/div>\n        <\/section>\n    \n\n        <section id=\"block--quote-1\" class=\"block block--quote\">\n                                <div class=\"content-inner c--background--62\">\n                                                <blockquote><p class=''> Cette promotion s\u2019inscrit pleinement dans la vision de m&#038;h : \u00eatre un partenaire strat\u00e9gique de transformation, capable de repenser la production de contenu et de connecter technologie, donn\u00e9es et cr\u00e9ation pour g\u00e9n\u00e9rer un impact r\u00e9el et mesurable chez nos clients. <\/p><\/blockquote>\n                        <cite>\n                            \n\t\t\t\t\t<span class=''>St\u00e9phanie Gendron<\/span>\n\t\t\t\t\t                            Vice-pr\u00e9sidente s\u00e9nior \u2013 Engagement clients et op\u00e9rations                        <\/cite>\n                    <\/div>\n                        <\/section>\n    \n\n        <section id=\"block--wysiwyg-2\" class=\"block block--wysiwyg\">\n            <div class=\"content-inner\">\n                <div class='c--wysiwyg '><h3 class='scroll--toggle-class js--split-text js--split-text-3'>Expertise renforc\u00e9e dans l\u2019\u00e9cosyst\u00e8me Adobe<\/h3>\n<p class='scroll--toggle-class js--split-text js--split-text-4'>L\u2019engagement de Fran\u00e7ois envers l\u2019excellence et l\u2019innovation s\u2019est \u00e9galement traduit par l\u2019obtention de deux certifications majeures : Adobe Workfront et Adobe Fusion. Ces accr\u00e9ditations renforcent notre expertise et notre cr\u00e9dibilit\u00e9 dans l\u2019\u00e9cosyst\u00e8me Adobe et au-del\u00e0.<\/p>\n<p class='scroll--toggle-class js--split-text js--split-text-4'>Merci Fran\u00e7ois pour ton engagement, ta vision et ton \u00e9nergie. Cette reconnaissance est pleinement m\u00e9rit\u00e9e, et nous sommes enthousiastes de poursuivre, avec toi, l\u2019acc\u00e9l\u00e9ration de la <a href=\"https:\/\/www.mh.ca\/fr\/expertise\/technologie-marketing\/\" target=\"_blank\" rel=\"noopener\">transformation num\u00e9rique<\/a> de m&amp;h au b\u00e9n\u00e9fice de nos \u00e9quipes et de nos clients.<\/p>\n<p class='scroll--toggle-class js--split-text js--split-text-4'>&nbsp;<\/p>\n<h3 class='scroll--toggle-class js--split-text js--split-text-3'>Un mot de Fran\u00e7ois Mouchet<\/h3>\n<p class='scroll--toggle-class js--split-text js--split-text-4'>\u00c0 l\u2019aube de ce nouveau chapitre, Fran\u00e7ois partage la vision pour m&amp;h quant \u00e0 la transformation num\u00e9rique.<\/p>\n<\/div>            <\/div>\n        <\/section>\n    \n\n        <section id=\"block--quote-2\" class=\"block block--quote\">\n                                <div class=\"content-inner c--background--63\">\n                                                <blockquote><p class=''> Alors que la demande pour la personnalisation du contenu ne cesse de cro\u00eetre, la transformation num\u00e9rique devient plus essentielle que jamais. Mon r\u00f4le chez m&#038;h, c\u2019est de b\u00e2tir des architectures technologiques modernes, ouvertes et \u00e9volutives qui soutiennent la croissance de nos clients, tout en acc\u00e9l\u00e9rant l\u2019innovation, l\u2019automatisation et l\u2019int\u00e9gration de l\u2019intelligence artificielle, pour livrer plus vite, mieux, et \u00e0 grande \u00e9chelle, mais sans jamais compromettre la qualit\u00e9. <\/p><\/blockquote>\n                        <cite>\n                            \n\t\t\t\t\t<span class=''>Fran\u00e7ois Mouchet<\/span>\n\t\t\t\t\t                            Directeur principal de la transformation num\u00e9rique                        <\/cite>\n                    <\/div>\n                        <\/section>\n    ","protected":false},"template":"","journals-categories":[],"class_list":["post-4144","journals","type-journals","status-publish","hentry"],"acf":[],"yoast_head":"<!-- This site is optimized with the Yoast SEO plugin v23.4 - https:\/\/yoast.com\/wordpress\/plugins\/seo\/ -->\n<title>m&amp;h nomme Fran\u00e7ois Mouchet Directeur principal de la transformation num\u00e9rique - m&amp;h<\/title>\n<meta name=\"description\" content=\"m&amp;h nomme Fran\u00e7ois Mouchet Directeur principal de la transformation num\u00e9rique. D\u00e9couvrez ce que cette nomination signifie pour nos clients.\" \/>\n<meta name=\"robots\" content=\"index, follow, max-snippet:-1, max-image-preview:large, max-video-preview:-1\" \/>\n<link rel=\"canonical\" href=\"https:\/\/www.mh.ca\/fr\/resources\/mh-nomme-francois-mouchet-directeur-principal-transformation-numerique\/\" \/>\n<meta property=\"og:locale\" content=\"fr_FR\" \/>\n<meta property=\"og:type\" content=\"article\" \/>\n<meta property=\"og:title\" content=\"m&amp;h nomme Fran\u00e7ois Mouchet Directeur principal de la transformation num\u00e9rique - m&amp;h\" \/>\n<meta property=\"og:description\" content=\"m&amp;h nomme Fran\u00e7ois Mouchet Directeur principal de la transformation num\u00e9rique. D\u00e9couvrez ce que cette nomination signifie pour nos clients.\" \/>\n<meta property=\"og:url\" content=\"https:\/\/www.mh.ca\/fr\/resources\/mh-nomme-francois-mouchet-directeur-principal-transformation-numerique\/\" \/>\n<meta property=\"og:site_name\" content=\"m&amp;h\" \/>\n<meta property=\"article:modified_time\" content=\"2026-03-12T21:17:55+00:00\" \/>\n<meta property=\"og:image\" content=\"http:\/\/www.mh.ca\/wp-content\/uploads\/2026\/03\/mh_Francois-Mouchet_FR.jpg\" \/>\n\t<meta property=\"og:image:width\" content=\"1200\" \/>\n\t<meta property=\"og:image:height\" content=\"630\" \/>\n\t<meta property=\"og:image:type\" content=\"image\/jpeg\" \/>\n<meta name=\"twitter:card\" content=\"summary_large_image\" \/>\n<script type=\"application\/ld+json\" class=\"yoast-schema-graph\">{\"@context\":\"https:\/\/schema.org\",\"@graph\":[{\"@type\":\"WebPage\",\"@id\":\"https:\/\/www.mh.ca\/fr\/resources\/mh-nomme-francois-mouchet-directeur-principal-transformation-numerique\/\",\"url\":\"https:\/\/www.mh.ca\/fr\/resources\/mh-nomme-francois-mouchet-directeur-principal-transformation-numerique\/\",\"name\":\"m&amp;h nomme Fran\u00e7ois Mouchet Directeur principal de la transformation num\u00e9rique - m&amp;h\",\"isPartOf\":{\"@id\":\"https:\/\/www.mh.ca\/#website\"},\"datePublished\":\"2026-03-11T18:20:39+00:00\",\"dateModified\":\"2026-03-12T21:17:55+00:00\",\"description\":\"m&h nomme Fran\u00e7ois Mouchet Directeur principal de la transformation num\u00e9rique. D\u00e9couvrez ce que cette nomination signifie pour nos clients.\",\"breadcrumb\":{\"@id\":\"https:\/\/www.mh.ca\/fr\/resources\/mh-nomme-francois-mouchet-directeur-principal-transformation-numerique\/#breadcrumb\"},\"inLanguage\":\"fr-FR\",\"potentialAction\":[{\"@type\":\"ReadAction\",\"target\":[\"https:\/\/www.mh.ca\/fr\/resources\/mh-nomme-francois-mouchet-directeur-principal-transformation-numerique\/\"]}]},{\"@type\":\"BreadcrumbList\",\"@id\":\"https:\/\/www.mh.ca\/fr\/resources\/mh-nomme-francois-mouchet-directeur-principal-transformation-numerique\/#breadcrumb\",\"itemListElement\":[{\"@type\":\"ListItem\",\"position\":1,\"name\":\"Home\",\"item\":\"https:\/\/www.mh.ca\/fr\/\"},{\"@type\":\"ListItem\",\"position\":2,\"name\":\"m&amp;h nomme Fran\u00e7ois Mouchet Directeur principal de la transformation num\u00e9rique\"}]},{\"@type\":\"WebSite\",\"@id\":\"https:\/\/www.mh.ca\/#website\",\"url\":\"https:\/\/www.mh.ca\/\",\"name\":\"m&amp;h\",\"description\":\"\",\"publisher\":{\"@id\":\"https:\/\/www.mh.ca\/#organization\"},\"potentialAction\":[{\"@type\":\"SearchAction\",\"target\":{\"@type\":\"EntryPoint\",\"urlTemplate\":\"https:\/\/www.mh.ca\/?s={search_term_string}\"},\"query-input\":{\"@type\":\"PropertyValueSpecification\",\"valueRequired\":true,\"valueName\":\"search_term_string\"}}],\"inLanguage\":\"fr-FR\"},{\"@type\":\"Organization\",\"@id\":\"https:\/\/www.mh.ca\/#organization\",\"name\":\"m&amp;h\",\"url\":\"https:\/\/www.mh.ca\/\",\"logo\":{\"@type\":\"ImageObject\",\"inLanguage\":\"fr-FR\",\"@id\":\"https:\/\/www.mh.ca\/#\/schema\/logo\/image\/\",\"url\":\"https:\/\/www.mh.ca\/wp-content\/uploads\/2024\/11\/mh_logo_1x1.jpg\",\"contentUrl\":\"https:\/\/www.mh.ca\/wp-content\/uploads\/2024\/11\/mh_logo_1x1.jpg\",\"width\":696,\"height\":696,\"caption\":\"m&amp;h\"},\"image\":{\"@id\":\"https:\/\/www.mh.ca\/#\/schema\/logo\/image\/\"}}]}<\/script>\n<!-- \/ Yoast SEO plugin. -->","yoast_head_json":{"title":"m&amp;h nomme Fran\u00e7ois Mouchet Directeur principal de la transformation num\u00e9rique - m&amp;h","description":"m&h nomme Fran\u00e7ois Mouchet Directeur principal de la transformation num\u00e9rique. D\u00e9couvrez ce que cette nomination signifie pour nos clients.","robots":{"index":"index","follow":"follow","max-snippet":"max-snippet:-1","max-image-preview":"max-image-preview:large","max-video-preview":"max-video-preview:-1"},"canonical":"https:\/\/www.mh.ca\/fr\/resources\/mh-nomme-francois-mouchet-directeur-principal-transformation-numerique\/","og_locale":"fr_FR","og_type":"article","og_title":"m&amp;h nomme Fran\u00e7ois Mouchet Directeur principal de la transformation num\u00e9rique - m&amp;h","og_description":"m&h nomme Fran\u00e7ois Mouchet Directeur principal de la transformation num\u00e9rique. D\u00e9couvrez ce que cette nomination signifie pour nos clients.","og_url":"https:\/\/www.mh.ca\/fr\/resources\/mh-nomme-francois-mouchet-directeur-principal-transformation-numerique\/","og_site_name":"m&amp;h","article_modified_time":"2026-03-12T21:17:55+00:00","og_image":[{"width":1200,"height":630,"url":"http:\/\/www.mh.ca\/wp-content\/uploads\/2026\/03\/mh_Francois-Mouchet_FR.jpg","type":"image\/jpeg"}],"twitter_card":"summary_large_image","schema":{"@context":"https:\/\/schema.org","@graph":[{"@type":"WebPage","@id":"https:\/\/www.mh.ca\/fr\/resources\/mh-nomme-francois-mouchet-directeur-principal-transformation-numerique\/","url":"https:\/\/www.mh.ca\/fr\/resources\/mh-nomme-francois-mouchet-directeur-principal-transformation-numerique\/","name":"m&amp;h nomme Fran\u00e7ois Mouchet Directeur principal de la transformation num\u00e9rique - m&amp;h","isPartOf":{"@id":"https:\/\/www.mh.ca\/#website"},"datePublished":"2026-03-11T18:20:39+00:00","dateModified":"2026-03-12T21:17:55+00:00","description":"m&h nomme Fran\u00e7ois Mouchet Directeur principal de la transformation num\u00e9rique. D\u00e9couvrez ce que cette nomination signifie pour nos clients.","breadcrumb":{"@id":"https:\/\/www.mh.ca\/fr\/resources\/mh-nomme-francois-mouchet-directeur-principal-transformation-numerique\/#breadcrumb"},"inLanguage":"fr-FR","potentialAction":[{"@type":"ReadAction","target":["https:\/\/www.mh.ca\/fr\/resources\/mh-nomme-francois-mouchet-directeur-principal-transformation-numerique\/"]}]},{"@type":"BreadcrumbList","@id":"https:\/\/www.mh.ca\/fr\/resources\/mh-nomme-francois-mouchet-directeur-principal-transformation-numerique\/#breadcrumb","itemListElement":[{"@type":"ListItem","position":1,"name":"Home","item":"https:\/\/www.mh.ca\/fr\/"},{"@type":"ListItem","position":2,"name":"m&amp;h nomme Fran\u00e7ois Mouchet Directeur principal de la transformation num\u00e9rique"}]},{"@type":"WebSite","@id":"https:\/\/www.mh.ca\/#website","url":"https:\/\/www.mh.ca\/","name":"m&amp;h","description":"","publisher":{"@id":"https:\/\/www.mh.ca\/#organization"},"potentialAction":[{"@type":"SearchAction","target":{"@type":"EntryPoint","urlTemplate":"https:\/\/www.mh.ca\/?s={search_term_string}"},"query-input":{"@type":"PropertyValueSpecification","valueRequired":true,"valueName":"search_term_string"}}],"inLanguage":"fr-FR"},{"@type":"Organization","@id":"https:\/\/www.mh.ca\/#organization","name":"m&amp;h","url":"https:\/\/www.mh.ca\/","logo":{"@type":"ImageObject","inLanguage":"fr-FR","@id":"https:\/\/www.mh.ca\/#\/schema\/logo\/image\/","url":"https:\/\/www.mh.ca\/wp-content\/uploads\/2024\/11\/mh_logo_1x1.jpg","contentUrl":"https:\/\/www.mh.ca\/wp-content\/uploads\/2024\/11\/mh_logo_1x1.jpg","width":696,"height":696,"caption":"m&amp;h"},"image":{"@id":"https:\/\/www.mh.ca\/#\/schema\/logo\/image\/"}}]}},"_links":{"self":[{"href":"https:\/\/www.mh.ca\/fr\/wp-json\/wp\/v2\/journals\/4144"}],"collection":[{"href":"https:\/\/www.mh.ca\/fr\/wp-json\/wp\/v2\/journals"}],"about":[{"href":"https:\/\/www.mh.ca\/fr\/wp-json\/wp\/v2\/types\/journals"}],"wp:attachment":[{"href":"https:\/\/www.mh.ca\/fr\/wp-json\/wp\/v2\/media?parent=4144"}],"wp:term":[{"taxonomy":"journals-categories","embeddable":true,"href":"https:\/\/www.mh.ca\/fr\/wp-json\/wp\/v2\/journals-categories?post=4144"}],"curies":[{"name":"wp","href":"https:\/\/api.w.org\/{rel}","templated":true}]}}